{"version":"1.0","provider_name":"Gewerbeverein Ensheim","provider_url":"http:\/\/66131ensheim.de\/wordpress","title":"Gewerbeverein hat neuen Vorstand gew\u00e4hlt - Gewerbeverein Ensheim","type":"rich","width":600,"height":338,"html":"<blockquote class=\"wp-embedded-content\" data-secret=\"BrTN5LVcIP\"><a href=\"http:\/\/66131ensheim.de\/wordpress\/2024\/05\/17\/gewerbeverein-hat-neuen-vorstand-gewaehlt\/\">Gewerbeverein hat neuen Vorstand gew\u00e4hlt<\/a><\/blockquote><iframe sandbox=\"allow-scripts\" security=\"restricted\" src=\"http:\/\/66131ensheim.de\/wordpress\/2024\/05\/17\/gewerbeverein-hat-neuen-vorstand-gewaehlt\/embed\/#?secret=BrTN5LVcIP\" width=\"600\" height=\"338\" title=\"&#8222;Gewerbeverein hat neuen Vorstand gew\u00e4hlt&#8220; &#8211; Gewerbeverein Ensheim\" data-secret=\"BrTN5LVcIP\" frameborder=\"0\" marginwidth=\"0\" marginheight=\"0\" scrolling=\"no\" class=\"wp-embedded-content\"><\/iframe><script>\n\/*! This file is auto-generated *\/\n!function(d,l){\"use strict\";l.querySelector&&d.addEventListener&&\"undefined\"!=typeof URL&&(d.wp=d.wp||{},d.wp.receiveEmbedMessage||(d.wp.receiveEmbedMessage=function(e){var t=e.data;if((t||t.secret||t.message||t.value)&&!\/[^a-zA-Z0-9]\/.test(t.secret)){for(var s,r,n,a=l.querySelectorAll('iframe[data-secret=\"'+t.secret+'\"]'),o=l.querySelectorAll('blockquote[data-secret=\"'+t.secret+'\"]'),c=new RegExp(\"^https?:$\",\"i\"),i=0;i<o.length;i++)o[i].style.display=\"none\";for(i=0;i<a.length;i++)s=a[i],e.source===s.contentWindow&&(s.removeAttribute(\"style\"),\"height\"===t.message?(1e3<(r=parseInt(t.value,10))?r=1e3:~~r<200&&(r=200),s.height=r):\"link\"===t.message&&(r=new URL(s.getAttribute(\"src\")),n=new URL(t.value),c.test(n.protocol))&&n.host===r.host&&l.activeElement===s&&(d.top.location.href=t.value))}},d.addEventListener(\"message\",d.wp.receiveEmbedMessage,!1),l.addEventListener(\"DOMContentLoaded\",function(){for(var e,t,s=l.querySelectorAll(\"iframe.wp-embedded-content\"),r=0;r<s.length;r++)(t=(e=s[r]).getAttribute(\"data-secret\"))||(t=Math.random().toString(36).substring(2,12),e.src+=\"#?secret=\"+t,e.setAttribute(\"data-secret\",t)),e.contentWindow.postMessage({message:\"ready\",secret:t},\"*\")},!1)))}(window,document);\n\/\/# sourceURL=http:\/\/66131ensheim.de\/wordpress\/wp-includes\/js\/wp-embed.min.js\n<\/script>\n","thumbnail_url":"http:\/\/66131ensheim.de\/wordpress\/wp-content\/uploads\/2024\/05\/2024_05_17_02.jpg","thumbnail_width":900,"thumbnail_height":900,"description":"Am 16. Mai war die Jahreshauptversammlung des Gewerbevereins Ensheim. Unser Vorsitzender seit Gr\u00fcndung, Harald Wagner, konnte aus gesundheitlichen Gr\u00fcnden nicht mehr kandidieren, so dass es neben ihm einige Ver\u00e4nderungen gab. Wir danken Harald Wagner f\u00fcr den Vorsitz der letzten 6 Jahre und w\u00fcnschen ihm alles Gute. Auch sagen wir Dank an unseren scheidenden 2. Vorsitzenden Peter Schweitzer, sowie unsere ehemaligen Beisitzer Gerhard Klein und Sarah Vogelgesang. Das neue Vorstandsteam setzt sich wie folgt zusammen: Neuer 1. Vorsitzender ist Sven Rauch, ... Weiter"}